{"id":59,"date":"2020-01-11T16:07:34","date_gmt":"2020-01-11T16:07:34","guid":{"rendered":"http:\/\/info.wuppertal-greeter.de\/?page_id=59"},"modified":"2023-10-23T19:27:41","modified_gmt":"2023-10-23T19:27:41","slug":"gaestebuch","status":"publish","type":"page","link":"https:\/\/www.wuppertal-greeter.de\/de\/gaestebuch\/","title":{"rendered":"G\u00e4stebuch"},"content":{"rendered":"<h4><\/h4>\n<p><strong>Hubert aus Coesfeld \/ M\u00fcnsterland&nbsp;<\/strong> &nbsp;( September 2023 )<\/p>\n<p><img loading=\"lazy\" decoding=\"async\" src=\"https:\/\/www.wuppertal-greeter.de\/wp-content\/uploads\/2023\/10\/4165ab36-5102-4e7a-8af3-cc88662575d3.jpeg\" alt=\"\" width=\"280\" height=\"210\" class=\"alignnone size-full wp-image-822\" srcset=\"https:\/\/www.wuppertal-greeter.de\/wp-content\/uploads\/2023\/10\/4165ab36-5102-4e7a-8af3-cc88662575d3.jpeg 280w, https:\/\/www.wuppertal-greeter.de\/wp-content\/uploads\/2023\/10\/4165ab36-5102-4e7a-8af3-cc88662575d3-16x12.jpeg 16w\" sizes=\"(max-width: 280px) 100vw, 280px\" \/><\/p>\n<p class=\"yiv8526122526MsoNormal\">Aufmerksam geworden durch die \u00f6rtliche Tageszeitung traten wir 7 Best Ager aus dem M\u00fcnsterland die Reise nach Wuppertal an.<\/p>\n<p class=\"yiv8526122526MsoNormal\">Die Terminabsprache lief rasch, zuverl\u00e4ssig und erfolgreich und so lernten wir unseren Greet Gudrun an einem Sonntagvormittag kennen.<\/p>\n<p class=\"yiv8526122526MsoNormal\">Der von ihr vorgeschlagene Treffpunkt (Klavier im Bahnhof) war schon etwas Besonderes ebenso wie eine komplette Tour in der Schwebebahn.<\/p>\n<p class=\"yiv8526122526MsoNormal\">\u201eDiese Fahrt haben die \u00f6ffentlichen F\u00fchrer nicht im Programm, dabei kann man aus dem Panoramafenster einen sehr guten \u00dcberblick von Stadt und Fluss bekommen\u201c meinte Gudrun.<\/p>\n<p class=\"yiv8526122526MsoNormal\">&nbsp;Den kleinen Elefanten im Flussbett h\u00e4tten wir allein bestimmt \u00fcbersehen, er erinnert an den Fenstersturz eines Elefantenfr\u00e4uleins vor vielen Jahren aus der Schwebebahn.<\/p>\n<p class=\"yiv8526122526MsoNormal\">Aber auch der einzige Unfall der Bahn wurde erl\u00e4utert. Nebenbei erfuhren wir, dass die Liste der in Wuppertal geborenen oder lebenden VIPs ungew\u00f6hnlich lang ist, z.B. Johannes Rau als B\u00fcrgermeister, Landesvater und Bundespr\u00e4sident.<\/p>\n<p class=\"yiv8526122526MsoNormal\">&nbsp;Nach \u00fcber eine Stunde Fahrt ging es zu Fu\u00df weiter, vorbei an Boutiquen, Kneipen und wundervollen alten H\u00e4usern in Elberfeld. Dort fanden wir die goldene Bank, super f\u00fcr eine kleine Rast mit Fototermin.<\/p>\n<p class=\"yiv8526122526MsoNormal\">Geplant war eine 3-st\u00fcndige Besichtigung von Gudruns \u201eWohnzimmer\u201c, doch die \u201e\u00dcberstunde\u201c in einem italienischen Lokal genossen alle Acht.<\/p>\n<p class=\"yiv8526122526MsoNormal\">&nbsp;Wir als G\u00e4ste dieser \u00fcberraschend sch\u00f6nen Stadt k\u00f6nnen diese Form von Sightseeing nur empfehlen. Gudrun klebte nicht stur am festgelegten Programm, sie hatte viel Zeit f\u00fcr uns und ging auf alle Fragen, auch mit einem Schuss Humor, gerne ein.<\/p>\n<p class=\"yiv8526122526MsoNormal\">Da viel es uns nicht schwer ein gutes Trinkgeld zu geben und das \u201eAuf Wiedersehen\u201c meinten am Schluss alle.<\/p>\n<p class=\"yiv8526122526MsoNormal\">Wer wei\u00df?<\/p>\n<p class=\"yiv8526122526MsoNormal\">Hubert aus Coesfeld<\/p>\n<p class=\"yiv8526122526MsoNormal\"><b>&nbsp;<\/b>Weiterhin euch Greeter viel Spa\u00df und Erfolg.<\/p>\n<p class=\"yiv8526122526MsoNormal\">Hubert<\/p>\n<h4 id=\"bericht5\">Gisela und Walther, Ulrike und G\u00fcnther aus Freiburg<\/h4>\n<p>Obwohl wir mit dem Wetter wirklich Pech hatten. Ein Gl\u00fccksfall war unser Greet mit Gudrun gestern in Wuppertal!<\/p>\n<p>Nach einem kurzen <img loading=\"lazy\" decoding=\"async\" src=\"http:\/\/www.wuppertal-greeter.de\/wp-content\/uploads\/2020\/03\/WhatsApp-Image-2020-03-14-at-12.41.55-300x164.jpeg\" alt=\"G\u00e4ste aus Freiburg\" class=\"size-medium wp-image-436 alignleft\" width=\"300\" height=\"164\" srcset=\"https:\/\/www.wuppertal-greeter.de\/wp-content\/uploads\/2020\/03\/WhatsApp-Image-2020-03-14-at-12.41.55-300x164.jpeg 300w, https:\/\/www.wuppertal-greeter.de\/wp-content\/uploads\/2020\/03\/WhatsApp-Image-2020-03-14-at-12.41.55-1024x560.jpeg 1024w, https:\/\/www.wuppertal-greeter.de\/wp-content\/uploads\/2020\/03\/WhatsApp-Image-2020-03-14-at-12.41.55-768x420.jpeg 768w, https:\/\/www.wuppertal-greeter.de\/wp-content\/uploads\/2020\/03\/WhatsApp-Image-2020-03-14-at-12.41.55-1536x840.jpeg 1536w, https:\/\/www.wuppertal-greeter.de\/wp-content\/uploads\/2020\/03\/WhatsApp-Image-2020-03-14-at-12.41.55.jpeg 1600w\" sizes=\"(max-width: 300px) 100vw, 300px\" \/>Rundgang im Zentrum, bestiegen wir die Schwebebahn und setzten so unsere Stadtbesichtigung fort.<\/p>\n<p>F\u00fcr uns ein eindrucksvolles Erlebnis, dieses Fortbewegungsmittel. Als waschechte &#8222;Wuppertalerin&#8220; erwies sich Gudrun als kompetente Stadtf\u00fchrerin und brachte uns ihre Stadt nahe.<\/p>\n<p>So erfuhren wir viel \u00fcber diese junge Stadt, ihre Uspr\u00fcnge und die Industriegeschichte. Eine Einkehr im au\u00dfergew\u00f6hnlichen Kirchencafe beendete den Greet. Gerne nochmal bei besserem Wetter und mit anderen Zielen!<\/p>\n<p>Gisela und Walther, Ulrike und G\u00fcnther aus Freiburg.<\/p>\n<h4><\/h4>\n<h4 id=\"bericht1\">Catharina aus Erfurt<\/h4>\n<p>Hallo Meieli, wir fanden den Greet mit dir sehr sch\u00f6n. Allerdings waren wir alle danach ziemlich k.o. und froh, als wir nach dem Essen auf dem Heimweg waren.<\/p>\n<p><img loading=\"lazy\" decoding=\"async\" src=\"http:\/\/www.wuppertal-greeter.de\/wp-content\/uploads\/2020\/01\/facebook_1538058261862-300x169.jpg\" alt=\"\" class=\"size-medium wp-image-46 alignleft\" width=\"300\" height=\"169\" srcset=\"https:\/\/www.wuppertal-greeter.de\/wp-content\/uploads\/2020\/01\/facebook_1538058261862-300x169.jpg 300w, https:\/\/www.wuppertal-greeter.de\/wp-content\/uploads\/2020\/01\/facebook_1538058261862.jpg 768w\" sizes=\"(max-width: 300px) 100vw, 300px\" \/><\/p>\n<p>Die Stadt an sich, hat meine Kollegen nicht begeistert. Deine Pers\u00f6nlichkeit und die sch\u00f6nen Ecken sind sehr gut angekommen. F\u00fcr mich pers\u00f6nlich ist es nat\u00fcrlich sehr sch\u00f6n gewesen, ein paar unbekannte Ecken zu sehen.<\/p>\n<p>Da ich in absehbarer Zeit nicht umziehen werde, m\u00f6chte ich mich ja auch mal mit Wuppertal anfreunden und doch noch ihren Charme erkunden.<\/p>\n<p>Vielen Dank, dass du uns Dein Elberfeld so begeistert gezeigt hast.<\/p>\n<p>Viele Gr\u00fc\u00dfe<\/p>\n<p>Catharina<\/p>\n<p>&nbsp;<\/p>\n<h4 id=\"bericht2\">Laurent &amp; Carolina aus Strasbourg und Valencia<\/h4>\n<p>Wir hatten eine super Zeit in Wuppertal. Das haben wir zum gro\u00dfen Teil Ulli, unserem sehr freundlichen Greeter, zu verdanken.<\/p>\n<p><img loading=\"lazy\" decoding=\"async\" src=\"http:\/\/www.wuppertal-greeter.de\/wp-content\/uploads\/2020\/01\/Laurent-Carolina-300x225.jpg\" alt=\"\" class=\"alignnone size-medium wp-image-45\" width=\"300\" height=\"225\" srcset=\"https:\/\/www.wuppertal-greeter.de\/wp-content\/uploads\/2020\/01\/Laurent-Carolina-300x225.jpg 300w, https:\/\/www.wuppertal-greeter.de\/wp-content\/uploads\/2020\/01\/Laurent-Carolina-768x576.jpg 768w, https:\/\/www.wuppertal-greeter.de\/wp-content\/uploads\/2020\/01\/Laurent-Carolina.jpg 1000w\" sizes=\"(max-width: 300px) 100vw, 300px\" \/><\/p>\n<p>Als alter Hase, hat Ulli uns die verkannten Ecken in Wuppertal gezeigt, dabei viele Details und interessante Geschichten erz\u00e4hlt.<\/p>\n<p>Die Schwebebahn ist ein super Verkehrsmittel, um die Stadt zu erkunden und von dort aus einen wundersch\u00f6nen \u00dcberblick zu bekommen.<\/p>\n<p>Wir werden bestimmt nochmals nach Wuppertal kommen.<\/p>\n<p>Laurent &amp; Carolina&#8220;<\/p>\n<p>&nbsp;<\/p>\n<p>&nbsp;<\/p>\n<h4 id=\"bericht3\">Silvia &#8211; Bielefeld und Chicago<\/h4>\n<p>Jamil hatte bei seinem letzten Greet Besucher aus Chicago und Bielefeld dabei.<\/p>\n<p><img loading=\"lazy\" decoding=\"async\" src=\"http:\/\/www.wuppertal-greeter.de\/wp-content\/uploads\/2020\/01\/Greet-mit-Silvia-Bielefeld-und-Chicago-300x225.jpeg\" alt=\"\" class=\"size-medium wp-image-44 alignleft\" width=\"300\" height=\"225\" srcset=\"https:\/\/www.wuppertal-greeter.de\/wp-content\/uploads\/2020\/01\/Greet-mit-Silvia-Bielefeld-und-Chicago-300x225.jpeg 300w, https:\/\/www.wuppertal-greeter.de\/wp-content\/uploads\/2020\/01\/Greet-mit-Silvia-Bielefeld-und-Chicago-1024x768.jpeg 1024w, https:\/\/www.wuppertal-greeter.de\/wp-content\/uploads\/2020\/01\/Greet-mit-Silvia-Bielefeld-und-Chicago-768x576.jpeg 768w, https:\/\/www.wuppertal-greeter.de\/wp-content\/uploads\/2020\/01\/Greet-mit-Silvia-Bielefeld-und-Chicago.jpeg 1416w\" sizes=\"(max-width: 300px) 100vw, 300px\" \/><\/p>\n<p>Jamil: &#8222;Die Tour ging durchs Briller Viertel und Luisenviertel. Nachdem wir im Katzengold mittagessen waren, sind wir die Schwebebahnstrecke abgefahren, um Wuppertal von oben zu erkunden.<\/p>\n<p>Es war ein sch\u00f6ner Sonntagsgreet der viel zu schnell verging.&#8220;<\/p>\n<p>&nbsp;<\/p>\n<p>&nbsp;<\/p>\n<h4 id=\"bericht4\" class=\"et_pb_module_header\">Stefanie aus dem M\u00fcnsterland<\/h4>\n<p><img loading=\"lazy\" decoding=\"async\" src=\"http:\/\/www.wuppertal-greeter.de\/wp-content\/uploads\/2020\/02\/ko-300x283-1-300x284.jpg\" alt=\"\" class=\"size-medium wp-image-360 alignleft\" width=\"300\" height=\"284\" srcset=\"https:\/\/www.wuppertal-greeter.de\/wp-content\/uploads\/2020\/02\/ko-300x283-1-300x284.jpg 300w, https:\/\/www.wuppertal-greeter.de\/wp-content\/uploads\/2020\/02\/ko-300x283-1.jpg 310w\" sizes=\"(max-width: 300px) 100vw, 300px\" \/><\/p>\n<p><span>Hallo, der Besuch hat uns sehr sehr gut gefallen. Ich war das letzte mal vor 40 Jahren in Elberfeld und war mehr als angenehm \u00fcberrascht.<\/span><\/p>\n<p><span><br \/>\nElberfeld ist schick, jung und lebendig.<br \/>\nSo viel besser als sein Ruf.<\/span><\/p>\n<p><span><br \/>\nUnd unser Greeter hat es geschafft uns das mit viel Begeisterung nahe zu bringen.<\/span><\/p>\n<p><span><br \/>\nUnser Fazit GERNE WIEDER<\/span><\/p>\n<p><span>Liebe Gr\u00fc\u00dfe Stefanie<\/span><\/p>\n<hr>\n<div class=\"et_pb_row et_pb_row_2\">\n<div class=\"et_pb_column et_pb_column_1_2 et_pb_column_1 et_pb_css_mix_blend_mode_passthrough\">\n<div class=\"et_pb_module et_pb_image et_pb_image_0 et_always_center_on_mobile\"><\/div>\n<\/div>\n<div class=\"et_pb_column et_pb_column_1_2 et_pb_column_2 et_pb_css_mix_blend_mode_passthrough\">\n<div class=\"et_pb_module et_pb_image et_pb_image_1 et_always_center_on_mobile\"><\/div>\n<\/div>\n<\/div>\n","protected":false},"excerpt":{"rendered":"<p>Hubert aus Coesfeld \/ M\u00fcnsterland&nbsp; &nbsp;( September 2023 ) Aufmerksam geworden durch die \u00f6rtliche Tageszeitung traten wir 7 Best Ager aus dem M\u00fcnsterland die Reise nach Wuppertal an. Die Terminabsprache lief rasch, zuverl\u00e4ssig und erfolgreich und so lernten wir unseren Greet Gudrun an einem Sonntagvormittag kennen. Der von ihr vorgeschlagene<\/p>\n","protected":false},"author":2,"featured_media":0,"parent":0,"menu_order":0,"comment_status":"closed","ping_status":"closed","template":"","meta":{"ngg_post_thumbnail":0,"footnotes":""},"class_list":["post-59","page","type-page","status-publish","hentry"],"_links":{"self":[{"href":"https:\/\/www.wuppertal-greeter.de\/de\/wp-json\/wp\/v2\/pages\/59"}],"collection":[{"href":"https:\/\/www.wuppertal-greeter.de\/de\/wp-json\/wp\/v2\/pages"}],"about":[{"href":"https:\/\/www.wuppertal-greeter.de\/de\/wp-json\/wp\/v2\/types\/page"}],"author":[{"embeddable":true,"href":"https:\/\/www.wuppertal-greeter.de\/de\/wp-json\/wp\/v2\/users\/2"}],"replies":[{"embeddable":true,"href":"https:\/\/www.wuppertal-greeter.de\/de\/wp-json\/wp\/v2\/comments?post=59"}],"version-history":[{"count":14,"href":"https:\/\/www.wuppertal-greeter.de\/de\/wp-json\/wp\/v2\/pages\/59\/revisions"}],"predecessor-version":[{"id":825,"href":"https:\/\/www.wuppertal-greeter.de\/de\/wp-json\/wp\/v2\/pages\/59\/revisions\/825"}],"wp:attachment":[{"href":"https:\/\/www.wuppertal-greeter.de\/de\/wp-json\/wp\/v2\/media?parent=59"}],"curies":[{"name":"wp","href":"https:\/\/api.w.org\/{rel}","templated":true}]}}